{"id":1827,"date":"2019-11-01T16:33:54","date_gmt":"2019-11-01T15:33:54","guid":{"rendered":"https:\/\/lecanardbienelevedumascane.com\/?page_id=1827"},"modified":"2024-09-24T17:12:13","modified_gmt":"2024-09-24T15:12:13","slug":"conditions-generales-de-vente","status":"publish","type":"page","link":"https:\/\/lecanardbienelevedumascane.com\/index.php\/conditions-generales-de-vente\/","title":{"rendered":"CGV"},"content":{"rendered":"\n<h2 class=\"wp-block-heading\">CONDITIONS G\u00c9N\u00c9RALES DE VENTE EN LIGNE \u00ab Le Canard bien \u00e9lev\u00e9 du Mas Can\u00e9\u00ae \u00bb 25\/10\/2023<\/h2>\n\n\n\n<p>Les pr\u00e9sentes Conditions G\u00e9n\u00e9rales de Vente (ci-apr\u00e8s \u00ab\u00a0CGV\u00a0\u00bb) ont pour objet de fixer les dispositions contractuelles entre, d\u2019une part, la soci\u00e9t\u00e9 d\u00e9nomm\u00e9e ci-apr\u00e8s \u00ab\u00a0L&rsquo;EARL Le Ch\u00e8vrefeuille\u00a0\u00bb et d\u2019autre part, toute personne physique et majeure, d\u00e9nomm\u00e9e ci-apr\u00e8s \u00ab\u00a0Vous\u00a0\u00bb ou le \u00ab\u00a0Client\u00a0\u00bb, ainsi que les conditions applicables \u00e0 tout achat effectu\u00e9 par le biais du site marchand https:\/\/lecanardbienelevedumascane.com\/, d\u00e9nomm\u00e9 ci-apr\u00e8s \u00ab\u00a0le Site\u00a0\u00bb.<\/p>\n\n\n\n<p>\u00ab&nbsp;<em>Le Site<\/em>&nbsp;\u00bb d\u00e9signe le site de la Boutique h\u00e9berg\u00e9 \u00e0 l&rsquo;adresse suivante: https:\/\/lecanardbienelevedumascane.com\/, il est\nouvert \u00e0 tout utilisateur du r\u00e9seau Internet.<\/p>\n\n\n\n<p>\u00ab&nbsp;<em>Vous<\/em>&nbsp;\u00bb et\n\u00ab&nbsp;<em>Client&nbsp;<\/em>\u00bb d\u00e9signe la\npersonne physique naviguant sur le Site et susceptible de passer une Commande.<\/p>\n\n\n\n<p>\u00ab&nbsp;<em>Produit<\/em>&nbsp;\u00bb\nd\u00e9signe tout produit quel qu&rsquo;il soit, objet de votre Commande, propos\u00e9 \u00e0 la\nvente sur le Site, conform\u00e9ment aux pr\u00e9sentes CGV. <\/p>\n\n\n\n<p>\u00ab&nbsp;<em>Commande<\/em>&nbsp;\u00bb\nd\u00e9signe l&rsquo;achat du (des) Produit(s) effectu\u00e9 par vos soins sur le Site,\nconform\u00e9ment aux pr\u00e9sentes CGV.<\/p>\n\n\n\n<p>\u00ab&nbsp;<em>Boutique<\/em>&nbsp;\u00bb\nd\u00e9signe la Boutique en ligne sur laquelle vous pouvez commander un Produit. <\/p>\n\n\n\n<p>\u00ab&nbsp;<em>Confirmation de commande<\/em>&nbsp;\u00bb\nd\u00e9signe les documents (page du Site et e-mail) r\u00e9capitulatifs des \u00e9l\u00e9ments de\nla Commande et des coordonn\u00e9es compl\u00e8tes que vous avez communiqu\u00e9es. <\/p>\n\n\n\n<p>\u00ab&nbsp;<em>Mon compte<\/em>&nbsp;\u00bb d\u00e9signe la rubrique de la Boutique,\naccessible apr\u00e8s s&rsquo;\u00eatre identifi\u00e9, depuis laquelle vous pourrez g\u00e9rer vos\ninformations personnelles et vos commandes.<\/p>\n\n\n\n<ol class=\"wp-block-list\">\n<li><strong>OBJET<\/strong><\/li>\n<\/ol>\n\n\n\n<p>Les pr\u00e9sentes Conditions G\u00e9n\u00e9rales de Vente s&rsquo;appliquent exclusivement aux produits alimentaires vendus par l&rsquo;EARL Le Ch\u00e8vrefeuille sous la marque \u00ab\u00a0Le Canard bien \u00e9lev\u00e9 du Mas Can\u00e9\u00a0\u00ae\u00bb. Elles ont pour objet de d\u00e9finir, exclusivement \u00e0 raison des relations qu&rsquo;elles \u00e9tablissent sur le r\u00e9seau Internet et uniquement sur le Site, les droits et obligations des Parties n\u00e9s de la vente en ligne des Produits propos\u00e9s sur le Site internet https:\/\/lecanardbienelevedumascane.com\/. Elles sont applicables \u00e0 compter du 1<sup>er<\/sup> JANVIER 2020 \u00e0 toutes commandes pass\u00e9es sur le Site et livr\u00e9es en France m\u00e9tropolitaine (Corse comprise).<\/p>\n\n\n\n<p>Les Pr\u00e9sentes Conditions G\u00e9n\u00e9rales de Vente pourront \u00eatre modifi\u00e9es en tout ou partie par l&rsquo;EARL Le Ch\u00e8vrefeuille et cette modification sera n\u00e9cessairement port\u00e9e \u00e0 la connaissance du Client. Les Conditions G\u00e9n\u00e9rales de Vente applicables seront celles en vigueur au moment de la conclusion du contrat, c\u2019est-\u00e0-dire au jour de la passation de la commande et du paiement concomitant du prix.<\/p>\n\n\n\n<p>Les pr\u00e9sentes Conditions\nG\u00e9n\u00e9rales de Vente ont notamment pour objet d\u2019informer le client sur les\nmodalit\u00e9s de la passation de commande en ligne, la livraison de la commande et\nles conditions de retour et de remboursement des produits command\u00e9s.<\/p>\n\n\n\n<p><strong>Toute\ncommande effectu\u00e9e sur le Site entra\u00eene\ndonc l\u2019acceptation sans r\u00e9serve par le Client des pr\u00e9sentes CGV.<\/strong><\/p>\n\n\n\n<p>Vous d\u00e9clarez \u00eatre \u00e2g\u00e9 d&rsquo;au moins 18 ans et avoir la capacit\u00e9\njuridique, ou \u00eatre titulaire d&rsquo;une autorisation parentale, vous permettant\nd&rsquo;effectuer une Commande sur le Site.<\/p>\n\n\n\n<ol start=\"2\" class=\"wp-block-list\">\n<li><strong>LA SOCI\u00c9T\u00c9<\/strong><\/li>\n<\/ol>\n\n\n\n<p>L&rsquo;EARL Le Ch\u00e8vrefeuille qui commercialise les produits vendus sur le Site est une soci\u00e9t\u00e9 agricole Exploitation Agricole \u00e0 Responsabilit\u00e9s Limit\u00e9e, dont le si\u00e8ge social est situ\u00e9 Mas Can\u00e9 11, La Calcine, 66400 OMS en France, et immatricul\u00e9e au Registre du Commerce et des Soci\u00e9t\u00e9s de Perpignan sous le num\u00e9ro 385352273, n\u00b0 de TVA intracommunautaire : FR 64 38535227300010.<\/p>\n\n\n\n<p>Num\u00e9ro de t\u00e9l\u00e9phone: +33 (0)4 68 39\n49 76 (prix d\u2019un appel local).<\/p>\n\n\n\n<p>Les horaires de contact sont de 10h\n\u00e0 16h, du lundi au vendredi. <\/p>\n\n\n\n<p>Contact courriel: mas-cane@wanadoo.fr.<\/p>\n\n\n\n<p>L&rsquo;EARL Le Ch\u00e8vrefeuille met en place un site internet de vente en ligne sur la page h\u00e9berg\u00e9e \u00e0 l\u2019adresse : \u00a0https:\/\/lecanardbienelevedumascane.com\/.<\/p>\n\n\n\n<ol start=\"3\" class=\"wp-block-list\">\n<li>LES PRODUITS MIS EN VENTE<\/li>\n<\/ol>\n\n\n\n<p>Les produits vendus sur le Site par L&rsquo;EARL Le Ch\u00e8vrefeuille sont des produits en verrines, st\u00e9rilis\u00e9s, ou en semi-conserves, ainsi que des salaisons s\u00e9ch\u00e9es, conformes \u00e0 la l\u00e9gislation fran\u00e7aise en vigueur et aux normes fran\u00e7aises. Les produits pr\u00e9sent\u00e9s sur le Site sont commercialis\u00e9s uniquement en France m\u00e9tropolitaine (Corse comprise). Les \u00e9tiquetages des produits sont r\u00e9dig\u00e9s en fran\u00e7ais.<\/p>\n\n\n\n<p>La gamme de produits de la ferme est\nconstitu\u00e9e de produits carn\u00e9s et d\u2019accompagnements du type :<\/p>\n\n\n\n<p>Foie gras, Rillettes, Terrines,\nConfits, etc. Ces produits et leurs compositions sont plus amplement d\u00e9taill\u00e9s\net communiqu\u00e9s sur le Site avant toute passation de commande par le client,\nconform\u00e9ment aux dispositions de l\u2019article L 111- 1 du code de la consommation.<\/p>\n\n\n\n<p>Les colis sont pr\u00e9par\u00e9s\nmanuellement \u00e0 la ferme, situ\u00e9e Mas Can\u00e9, 11, La Calcine, 66400 OMS, dans des\nquantit\u00e9s d\u00e9finies et limit\u00e9es.<\/p>\n\n\n\n<p>L&rsquo;EARL Le Ch\u00e8vrefeuille fera tout son possible pour contenter chaque client, mais dans l\u2019\u00e9ventualit\u00e9 d\u2019une indisponibilit\u00e9 totale ou partielle, apr\u00e8s passation de la commande, l&rsquo;EARL Le Ch\u00e8vrefeuille informera le client par courrier \u00e9lectronique ou par t\u00e9l\u00e9phone afin de trouver une solution au b\u00e9n\u00e9fice du client.<\/p>\n\n\n\n<p>Par ailleurs, en application des dispositions des articles L 216-2 et\nL216-3 du code de la consommation, en cas d\u2019indisponibilit\u00e9 d\u2019un produit, le\nclient dispose de la facult\u00e9 de se faire livrer un produit \u00e9quivalent ou d\u2019\u00eatre\nrembours\u00e9 de la somme correspondant au produit manquant de sa commande (prix\nd\u2019achat du produit + frais \u00e9ventuels de transport), dans les 14 jours suivant\nsa demande, via le compte bancaire utilis\u00e9 lors de la passation de la commande.<\/p>\n\n\n\n<ol start=\"4\" class=\"wp-block-list\">\n<li><strong>LES PRIX<\/strong><\/li>\n<\/ol>\n\n\n\n<p>Les prix des produits sont\nexprim\u00e9s en euros et s\u2019entendent toutes taxes comprises (TTC). Ils s\u2019appliquent\nexclusivement aux produits vendus en ligne sur le Site. Les prix factur\u00e9s sont\nceux figurant sur le Site et lors de la confirmation de commande par le client.\nLes prix ne tiennent pas compte de frais de livraison \u00e9ventuels chez le client\nqui sont pr\u00e9sent\u00e9s de mani\u00e8re s\u00e9par\u00e9e avant validation de la commande.<\/p>\n\n\n\n<p>Le montant total de la commande\ncomprenant les frais \u00e9ventuels de livraison seront pr\u00e9cis\u00e9s avant toute\nvalidation d\u00e9finitive de la commande par le client, conform\u00e9ment \u00e0 la\nr\u00e8glementation.<\/p>\n\n\n\n<p>Les prix sont susceptibles d\u2019\u00eatre\nmodifi\u00e9s sur le Site ; ces modifications ne s\u2019appliqueront pas aux commandes\nvalid\u00e9es en cours.<\/p>\n\n\n\n<ol start=\"5\" class=\"wp-block-list\">\n<li>MODALIT\u00c9S DE PASSATION DES COMMANDES<\/li>\n<\/ol>\n\n\n\n<p>Pour passer une commande, le\nclient devra soit s\u2019identifier avec son adresse mail et une adresse postale de\nson lieu de r\u00e9sidence ainsi que son num\u00e9ro de t\u00e9l\u00e9phone, soit il pourra\n\u00e9galement cr\u00e9er un compte en communiquant un identifiant et un mot de passe.<\/p>\n\n\n\n<p>Dans son parcours d\u2019achat :<\/p>\n\n\n\n<ul class=\"wp-block-list\">\n<li>Le client choisit son ou ses Produits sur le Site et les ajoute \u00e0 son\npanier.<\/li>\n\n\n\n<li>Il remplit ses coordonn\u00e9es postales, t\u00e9l\u00e9phoniques et de facturation ou cr\u00e9e\nson compte personnel dans lequel figureront \u00e9galement ces informations.<\/li>\n\n\n\n<li>Il choisit son mode de livraison.<\/li>\n\n\n\n<li>Il lit et accepte les Conditions G\u00e9n\u00e9rales de Vente.<\/li>\n\n\n\n<li>Il v\u00e9rifie son panier, le mode de livraison choisi et le prix total de sa\ncommande.<\/li>\n\n\n\n<li>Il acc\u00e8de au paiement en ligne et r\u00e8gle sa commande.<\/li>\n<\/ul>\n\n\n\n<p>Le client reconna\u00eet avoir\nconsult\u00e9 et adh\u00e9r\u00e9 sans r\u00e9serve aux pr\u00e9sentes conditions g\u00e9n\u00e9rales de vente\navant tout r\u00e8glement de sa commande. Les pr\u00e9sentes conditions g\u00e9n\u00e9rales de\nvente pr\u00e9valent sur tout autre document.<\/p>\n\n\n\n<p>La commande est valid\u00e9e lorsque le paiement de celle-ci a \u00e9t\u00e9 valid\u00e9. L&rsquo;EARL Le Ch\u00e8vrefeuille accusera r\u00e9ception de toute commande dans les meilleurs d\u00e9lais en tenant compte des jours ouvr\u00e9s (du lundi au vendredi de 9 h \u00e0 19 h).<\/p>\n\n\n\n<p>Dans certains cas, notamment pour d\u00e9faut de paiement, adresse erron\u00e9e ou tout autre probl\u00e8me li\u00e9 au compte personnel du client, l&rsquo;EARL Le Ch\u00e8vrefeuille se r\u00e9serve le droit de bloquer la commande du client jusqu\u2019\u00e0 la r\u00e9solution du probl\u00e8me. Un courrier \u00e9lectronique d\u2019information sera alors envoy\u00e9 au client.<\/p>\n\n\n\n<ol start=\"6\" class=\"wp-block-list\">\n<li>LIVRAISONS<\/li>\n<\/ol>\n\n\n\n<p>6.1. <em>Retraits en boutiques ou sur les march\u00e9s locaux dans les\nPyr\u00e9n\u00e9es-Orientales <\/em><\/p>\n\n\n\n<p>6.1.a. Les produits sont \u00e0 retirer SANS FRAIS DE LIVRAISON directement \u00e0\nla ferme du Mas Can\u00e9, 11 La Calcine, 66400 OMS, aux horaires d\u2019ouverture suivants\n:<\/p>\n\n\n\n<p>Du lundi au vendredi de 10 h00\n\u00e0 16 h00.<\/p>\n\n\n\n<p>6.1.b. Sur les march\u00e9s&nbsp;:<\/p>\n\n\n\n<ul class=\"wp-block-list\">\n<li>\u00c0 Thuir 66300 et C\u00e9ret 66400 les\nsamedi matins de 8h \u00e0 12h30&nbsp;;<\/li>\n\n\n\n<li>\u00c0 Collioure les dimanche matins de 8h \u00e0 12h30.<\/li>\n<\/ul>\n\n\n\n<p>6.1.c. \u00c0 la Boutique Paysanne de Le Soler, \u00ab&nbsp;Oh&nbsp;! D\u00e9lices\nPaysans&nbsp;\u00bb, 8 av de Vienne, 66270 Le Soler. Du mardi au samedi de 9h \u00e0 13h\net de 15h \u00e0 19h.<\/p>\n\n\n\n<p>Les produits seront ainsi mis \u00e0 disposition dans un d\u00e9lai de 72 heures \u00e0 compter de la prise de commande par le client, sauf indication contraire lors de la r\u00e9ception de la commande par l&rsquo;EARL Le Ch\u00e8vrefeuille.<\/p>\n\n\n\n<p>6.2 <em>Livraisons par exp\u00e9ditions<\/em> <\/p>\n\n\n\n<p>6.2.a. Les exp\u00e9ditions sont faites uniquement en France M\u00e9tropolitaine\n(Corse incluse). Vous avez toutefois la possibilit\u00e9 de nous consulter\ndirectement par t\u00e9l\u00e9phone ou par courriel pour des livraisons hors de France,\nnous \u00e9tudierons les possibilit\u00e9s techniques et les co\u00fbts de telles livraisons.<\/p>\n\n\n\n<p>La livraison s\u2019effectuera \u00e0 l\u2019adresse indiqu\u00e9e par le client et selon le\nmode de livraison que le client aura d\u00e9fini au moment de sa commande. Le client\ns\u2019engage alors \u00e0 r\u00e9ceptionner les produits.<\/p>\n\n\n\n<p>En aucun cas l&rsquo;EARL Le Ch\u00e8vrefeuille ne saurait \u00eatre tenu responsable d\u2019une \u00e9ventuelle d\u00e9t\u00e9rioration des produits en cas de retrait tardif ou d\u2019absence de retrait des produits par le client.<\/p>\n\n\n\n<p>6.2.b. Livraisons \u00e0 domicile\npar \u00ab&nbsp;Colissimo avec signature&nbsp;\u00bb.<\/p>\n\n\n\n<p>La livraison s\u2019effectuera par Colissimo \u00e0 l\u2019adresse indiqu\u00e9e par le\nclient. Le client s\u2019engage alors \u00e0 r\u00e9ceptionner les produits. Il est de la\nresponsabilit\u00e9 du client d\u2019indiquer au pr\u00e9alable tout \u00e9l\u00e9ment qui entraverait\nl\u2019acc\u00e8s au domicile au prestataire de transport comme par exemple un acc\u00e8s\ns\u00e9curis\u00e9 n\u00e9cessitant la d\u00e9tention d\u2019une cl\u00e9 sp\u00e9ciale ou d\u2019un code \u00e0 chiffres.<\/p>\n\n\n\n<p>Le d\u00e9lai de livraison garanti pour une commande est de 8 \u00e0 10 jours \u00e0 compter de la r\u00e9ception de la commande et du r\u00e8glement par l&rsquo;EARL Le Ch\u00e8vrefeuille. Les commandes pass\u00e9es du vendredi apr\u00e8s-midi inclus au lundi inclus seront exp\u00e9di\u00e9es ou livr\u00e9es \u00e0 partir du mardi suivant.<\/p>\n\n\n\n<p>En cas d\u2019absence du client, le prestataire de transport d\u00e9posera un avis\nde passage invitant le client \u00e0 retirer les produits chez ce dernier ou \u00e0\nreprendre rendez-vous avec lui.<\/p>\n\n\n\n<p>En aucun cas l&rsquo;EARL Le Ch\u00e8vrefeuille ne saurait \u00eatre tenu responsable d\u2019une \u00e9ventuelle d\u00e9t\u00e9rioration des produits en cas de retrait tardif du client ou du non retrait des produits par le client dans les d\u00e9lais indiqu\u00e9s par le prestataire de transport.<\/p>\n\n\n\n<p>6.3. <em>Tarifs<\/em> :<\/p>\n\n\n\n<p>6.3.a. Pour les livraisons en France\u00a0: pour toute commande le prix de la livraison est de 15,90 \u20ac TTC.<\/p>\n\n\n\n<p>6.3.b. Pour les livraisons \u00e0 l\u2019\u00e9tranger&nbsp;: un devis sera communiqu\u00e9\napr\u00e8s avoir re\u00e7u une demande sp\u00e9cifique de la part du client, conform\u00e9ment \u00e0\nl\u2019article 6.2.a.<\/p>\n\n\n\n<p>6.4. <em>Contr\u00f4les des livraisons<\/em><\/p>\n\n\n\n<p>Il est demand\u00e9 au client de\ncontr\u00f4ler, ou de faire contr\u00f4ler aux personnes qui r\u00e9ceptionnent le colis,\nl\u2019int\u00e9grit\u00e9 de celui-ci en pr\u00e9sence du prestataire de transport. Cette\nv\u00e9rification doit porter sur la qualit\u00e9 apparente du colis, les quantit\u00e9s et\nles r\u00e9f\u00e9rences ainsi que leur conformit\u00e9 \u00e0 la commande : carton intact (ni\nouvert, ni caboss\u00e9) et scotch adh\u00e9sif de protection bien en place, etc.<\/p>\n\n\n\n<p>Dans le cas d\u2019une non-conformit\u00e9 apparente du colis ou des produits \u00e0 l\u2019int\u00e9rieur, le client doit refuser la livraison ou bien la non-conformit\u00e9 devra \u00eatre indiqu\u00e9e imm\u00e9diatement sur le bon de livraison en pr\u00e9sence du prestataire de transport (attestation d\u2019avarie) et \u00eatre signal\u00e9e \u00e0 l&rsquo;EARL Le Ch\u00e8vrefeuille dans les plus brefs d\u00e9lais par t\u00e9l\u00e9phone ou courriel et au plus tard dans les 48 heures, afin que l&rsquo;EARL Le Ch\u00e8vrefeuille puisse exercer tout recours contre le prestataire de transport.<\/p>\n\n\n\n<p>6.5 <em>Incidents de livraison<\/em><\/p>\n\n\n\n<p>6.5.a. Retards<\/p>\n\n\n\n<p>Le client pourra \u00e0 tout moment contacter l&rsquo;EARL Le Ch\u00e8vrefeuille en cas de retard, soit par courrier \u00e9lectronique, soit par t\u00e9l\u00e9phone aux coordonn\u00e9es figurant \u00e0 l\u2019article 2 des pr\u00e9sentes conditions g\u00e9n\u00e9rales de vente. Le client dispose de la facult\u00e9 d\u2019annuler sa commande si la livraison de celle-ci n\u2019est pas intervenue au plus tard 7 jours ouvr\u00e9s apr\u00e8s la date de livraison indiqu\u00e9e au moment de la passation de la commande.<\/p>\n\n\n\n<p>6.5.b. Livraisons partielles<\/p>\n\n\n\n<p>L&rsquo;EARL Le Ch\u00e8vrefeuille pourra \u00eatre amen\u00e9 dans des circonstances exceptionnelles \u00e0 fractionner la livraison des produits command\u00e9s. Le client sera inform\u00e9 par courrier \u00e9lectronique et\/ou par t\u00e9l\u00e9phone de la livraison partielle d\u2019une commande. Un second courrier \u00e9lectronique l\u2019informera de la livraison des autres produits command\u00e9s. Les frais de traitement et d\u2019exp\u00e9dition ne seront factur\u00e9s que pour un seul envoi.<\/p>\n\n\n\n<p>6.5.c. Colis endommag\u00e9s,\nproduits cass\u00e9s<\/p>\n\n\n\n<p>En application des dispositions de l\u2019article 6.3 des pr\u00e9sentes conditions g\u00e9n\u00e9rales de vente, le client devra imm\u00e9diatement signaler, et au plus tard dans les 48 heures de la livraison ou de la mise \u00e0 disposition, tout incident ayant entrain\u00e9 la d\u00e9t\u00e9rioration du ou des coffret(s) ou des produits qu\u2019il(s) contien(nent)t. \u00c0 d\u00e9faut, l&rsquo;EARL Le Ch\u00e8vrefeuille sera susceptible de ne pas indemniser les frais de retour du colis ou du produit endommag\u00e9 ou cass\u00e9 au client ; ce dernier gardera la possibilit\u00e9 d\u2019exercer son droit de r\u00e9tractation (article 7 des pr\u00e9sentes), mais dans cette hypoth\u00e8se les frais de retour resteront \u00e0 sa charge.<\/p>\n\n\n\n<ol start=\"7\" class=\"wp-block-list\">\n<li>FACULT\u00c9 DE R\u00c9TRACTATION<\/li>\n<\/ol>\n\n\n\n<p>Le Client dispose d\u2019un d\u00e9lai\nl\u00e9gal de quatorze (14) jours francs \u00e0 compter de la r\u00e9ception des Produits pour\nexercer son droit de r\u00e9tractation.<\/p>\n\n\n\n<p>Dans cette hypoth\u00e8se, l&rsquo;EARL Le Ch\u00e8vrefeuille s\u2019engage \u00e0 \u00e9changer les Produits ou si le Client le souhaite, \u00e0 lui rembourser le prix du Produit ainsi que les frais d\u2019envoi dans les 14 jours (14) jours suivant la r\u00e9ception d\u2019une telle demande.<\/p>\n\n\n\n<p>Les frais de retour restent \u00e0 la\ncharge du Client.<\/p>\n\n\n\n<p>Le droit de r\u00e9tractation ne\npourra \u00eatre exerc\u00e9 que pour les produits complets, dans leur \u00e9tat et\nconditionnement d\u2019origine avec la fourniture d\u2019une copie de la facture d\u2019achat.\nLes produits retourn\u00e9s incomplets, ab\u00eem\u00e9s, salis, endommag\u00e9s ou dont les\nconditionnements (bocaux) ont \u00e9t\u00e9 ouverts ne seront pas repris.<\/p>\n\n\n\n<p>Pass\u00e9 ce d\u00e9lai de quatorze (14)\njours, aucun produit ne pourra \u00eatre retourn\u00e9 pour \u00e9change ou remboursement.<\/p>\n\n\n\n<p>Coordonn\u00e9es pour les retours :<\/p>\n\n\n\n<p>Contact par courriel&nbsp;: <a href=\"mailto:mas-cane@wanadoo.fr\">mas-cane@wanadoo.fr<\/a>. <\/p>\n\n\n\n<p>Courrier : EARL Le Ch\u00e8vrefeuille, Mas Can\u00e9, 11, La Calcine, 66400 OMS, France.<\/p>\n\n\n\n<p>Pour traiter vos demandes, nous vous demandons de bien vouloir pr\u00e9ciser vos nom, pr\u00e9nom, adresse, date et num\u00e9ro de commande. Toute demande incompl\u00e8te ne sera pas trait\u00e9e. <\/p>\n\n\n\n<div class=\"wp-block-file\"><a id=\"wp-block-file--media-2a84eca5-dcd9-4d56-b699-31d388fb81c2\" href=\"https:\/\/lecanardbienelevedumascane.com\/wp-content\/uploads\/2020\/03\/Lettre-de-re\u0301tractation-MAS-CANE.pdf\">Lettre de re\u0301tractation MAS CANE<\/a><a href=\"https:\/\/lecanardbienelevedumascane.com\/wp-content\/uploads\/2020\/03\/Lettre-de-re\u0301tractation-MAS-CANE.pdf\" class=\"wp-block-file__button wp-element-button\" download aria-describedby=\"wp-block-file--media-2a84eca5-dcd9-4d56-b699-31d388fb81c2\">T\u00e9l\u00e9charger<\/a><\/div>\n\n\n\n<ol start=\"8\" class=\"wp-block-list\">\n<li>GARANTIES<\/li>\n<\/ol>\n\n\n\n<p>Les produits vendus sur le Site de l&rsquo;EARL Le Ch\u00e8vrefeuille sont conformes \u00e0 la r\u00e9glementation en vigueur en France. Les produits b\u00e9n\u00e9ficient de plein droit et conform\u00e9ment aux dispositions l\u00e9gales de la garantie l\u00e9gale de conformit\u00e9 et de la garantie l\u00e9gale contre les vices cach\u00e9s, et ceci ind\u00e9pendamment de la garantie commerciale consentie le cas \u00e9ch\u00e9ant par l&rsquo;EARL Le Ch\u00e8vrefeuille.<\/p>\n\n\n\n<p>L\u2019ensemble des produits vendus par l&rsquo;EARL Le Ch\u00e8vrefeuille font l\u2019objet des garanties suivantes, jusqu\u2019au terme de leur date de consommation indiqu\u00e9e sur l\u2019emballage et dans la mesure o\u00f9 les conditions de conservation du produit ont \u00e9t\u00e9 respect\u00e9es en termes de propret\u00e9, de s\u00e9curit\u00e9 alimentaire, d\u2019hygi\u00e8ne et de temp\u00e9rature, conform\u00e9ment \u00e0 l\u2019\u00e9tiquetage.<\/p>\n\n\n\n<p>8.1. <em>Garantie\nl\u00e9gale de conformit\u00e9<\/em><\/p>\n\n\n\n<p>Conform\u00e9ment aux articles L217-1 et suivants du Code de la consommation, l&rsquo;EARL Le Ch\u00e8vrefeuille<strong> <\/strong>est tenu de livrer un bien conforme au contrat et r\u00e9pond des d\u00e9fauts de conformit\u00e9 existant lors de la d\u00e9livrance. Il r\u00e9pond \u00e9galement des d\u00e9fauts de conformit\u00e9 r\u00e9sultant de l&#8217;emballage.<\/p>\n\n\n\n<p>Selon l\u2019article L217-5 du Code de la\nconsommation, le bien est conforme au contrat s&rsquo;il est propre \u00e0 l&rsquo;usage\nhabituellement attendu d&rsquo;un bien semblable et, le cas \u00e9ch\u00e9ant :<\/p>\n\n\n\n<ul class=\"wp-block-list\">\n<li>s&rsquo;il correspond \u00e0 la description donn\u00e9e par l&rsquo;EARL Le Ch\u00e8vrefeuille<strong> <\/strong>et poss\u00e8de les qualit\u00e9s que celui-ci a pr\u00e9sent\u00e9es sur son site internet ;<\/li>\n\n\n\n<li>s&rsquo;il pr\u00e9sente les qualit\u00e9s que vous\npouvez l\u00e9gitimement attendre eu \u00e9gard \u00e0 sa description, notamment dans sa fiche\nproduit et dans toutes publicit\u00e9s.<\/li>\n<\/ul>\n\n\n\n<p>En cas de d\u00e9faut de conformit\u00e9, vous pouvez choisir entre la r\u00e9solution de la vente et le remplacement du produit, sans aucun frais de votre part. Vous devrez alors adresser une lettre par voie postale \u00e0 l&rsquo;EARL Le Ch\u00e8vrefeuille<strong> <\/strong>en indiquant les d\u00e9fauts constat\u00e9s et en renvoyant le produit concern\u00e9. Si le d\u00e9faut de conformit\u00e9 est confirm\u00e9, l&rsquo;EARL Le Ch\u00e8vrefeuille<strong> <\/strong>proc\u00e8dera \u00e0 un \u00e9change ou au remboursement, selon l\u2019option choisie. Les frais de retour seront rembours\u00e9s sur pr\u00e9sentation de justificatifs. \u00c0 d\u00e9faut, le remboursement desdits frais sera effectu\u00e9 au tarif postal de base.<\/p>\n\n\n\n<p>L&rsquo;action r\u00e9sultant du d\u00e9faut de conformit\u00e9\nse prescrit par deux ans \u00e0 compter de la d\u00e9livrance du produit.<\/p>\n\n\n\n<p><strong>8.2. <em>Garantie\ndes vices cach\u00e9s<\/em><\/strong><strong><\/strong><\/p>\n\n\n\n<p>Conform\u00e9ment aux articles 1641 et\nsuivants du Code civil, tous les produits\nvendus sur le Site b\u00e9n\u00e9ficient de la garantie des vices cach\u00e9s.<\/p>\n\n\n\n<p>Si vous estimez que votre Produit souffre\nd\u2019un vice cach\u00e9, c\u2019est-\u00e0-dire d\u2019un d\u00e9faut cach\u00e9 ant\u00e9rieur \u00e0 la vente qui le\nrend impropre \u00e0 l&rsquo;usage auquel il est destin\u00e9, ou qui diminue tellement cet\nusage que vous ne l\u2019auriez pas acquis, ou encore que vous n\u2019en auriez donn\u00e9\nqu&rsquo;un moindre prix, vous pouvez b\u00e9n\u00e9ficier de la garantie des vices cach\u00e9s. La\ngarantie l\u00e9gale couvre tous les frais entra\u00een\u00e9s par les vices cach\u00e9s.<\/p>\n\n\n\n<p>Dans cette hypoth\u00e8se, vous devez\nrapporter la preuve du vice, qui n\u2019est pas pr\u00e9sum\u00e9e.<\/p>\n\n\n\n<p>Si le vice est av\u00e9r\u00e9, vous avez le choix\nentre les deux options suivantes :<\/p>\n\n\n\n<ul class=\"wp-block-list\">\n<li>Retourner le Produit et obtenir le\nremboursement int\u00e9gral de son prix&nbsp;;<\/li>\n\n\n\n<li>Garder le produit et vous faire\nrembourser une partie du prix.<\/li>\n<\/ul>\n\n\n\n<p>Vous devrez alors adresser une lettre par voie postale \u00e0 l&rsquo;EARL Le Ch\u00e8vrefeuille<strong> <\/strong>en d\u00e9crivant les d\u00e9fauts constat\u00e9s et le cas \u00e9ch\u00e9ant en renvoyant le produit concern\u00e9. Si le vice est confirm\u00e9, l&rsquo;EARL Le Ch\u00e8vrefeuille<strong> <\/strong>proc\u00e9dera au remboursement int\u00e9gral ou partiel du prix, selon l\u2019option choisie. Les frais de retour seront rembours\u00e9s sur pr\u00e9sentation de justificatifs. \u00c0 d\u00e9faut, le remboursement desdits frais sera effectu\u00e9 au tarif postal de base.<\/p>\n\n\n\n<p>8.3. <em>R\u00e9clamations clients<\/em><\/p>\n\n\n\n<p>L&rsquo;EARL Le Ch\u00e8vrefeuille met tout en \u0153uvre afin de satisfaire au mieux ses clients, toutefois, si un produit venait \u00e0 ne pas apporter toute satisfaction au client, il pourra adresser ses r\u00e9clamations \u00e0 l\u2019attention de\u00a0: Madame Planes Vassail, EARL Le Ch\u00e8vrefeuille, Mas Can\u00e9, 11 La Calcine, 66400 OMS, France.<\/p>\n\n\n\n<p>Tel : 04.68.39.49.76 (prix d\u2019un\nappel local) Par courriel : <a href=\"mailto:mas-cane@wanadoo.fr\">mas-cane@wanadoo.fr<\/a>. <\/p>\n\n\n\n<ol start=\"9\" class=\"wp-block-list\">\n<li>DONN\u00c9ES PERSONNELLES<\/li>\n<\/ol>\n\n\n\n<p>9.1 <em>Qui est le responsable du traitement mis en \u0153uvre sur le site ?<\/em><\/p>\n\n\n\n<p>L&rsquo;EARL Le Ch\u00e8vrefeuille est le responsable du traitement des donn\u00e9es personnelles collect\u00e9es sur le site internet <a href=\"https:\/\/lecanardbienelevedumascane.com\/\">https:\/\/lecanardbienelevedumascane.com\/<\/a>.<\/p>\n\n\n\n<p>9.2 <em>Pourquoi les donn\u00e9es de l\u2019utilisateur sont-elles collect\u00e9es ?<\/em><\/p>\n\n\n\n<p>Les traitements de donn\u00e9es \u00e0 caract\u00e8re personnel mis en \u0153uvre sont juridiquement bas\u00e9s, selon les cas, sur l\u2019ex\u00e9cution du contrat, les int\u00e9r\u00eats l\u00e9gitimes de l&rsquo;EARL Le Ch\u00e8vrefeuille, les obligations l\u00e9gales qui incombent \u00e0 l&rsquo;EARL Le Ch\u00e8vrefeuille et le consentement. L\u2019utilisateur a le droit de retirer son consentement. Si l\u2019utilisateur ne souhaite pas remplir les champs marqu\u00e9s d\u2019un ast\u00e9risque, il se peut que l\u2019utilisateur ne puisse pas acc\u00e9der \u00e0 certains services de notre internet et que l&rsquo;EARL Le Ch\u00e8vrefeuille soit dans l\u2019impossibilit\u00e9 de r\u00e9pondre \u00e0 sa demande. Les traitements sont mis en \u0153uvre pour les finalit\u00e9s suivantes :<\/p>\n\n\n\n<figure class=\"wp-block-table\"><table><tbody><tr><td>\n  Base l\u00e9gale du traitement\n  <\/td><td>\n  Finalit\u00e9s\n  <\/td><\/tr><tr><td>\n  Ex\u00e9cution d\u2019un contrat\n  <\/td><td>\n  R\u00e9alisation d\u2019op\u00e9rations relatives \u00e0 la\n  gestion des clients concernant :\n  les contrats ;les r\u00e9tractations ;les livraisons ;les factures ;la comptabilit\u00e9 ;la gestion des comptes\n  clients ;le suivi de la relation\n  client tel que la gestion des r\u00e9clamations et du service apr\u00e8s gestion des\n  avis des personnes sur des produits, services ou contenus.La gestion des avis des\n  personnes sur des produits, services ou contenus.\n  \n  \n  \n  \n  \n  \n  \n  Gestion des impay\u00e9s et du contentieux\n  <\/td><\/tr><tr><td>Int\u00e9r\u00eats l\u00e9gitimes de l&rsquo;EARL Le Ch\u00e8vrefeuille de rester en contact avec le client <\/td><td>\n  La r\u00e9alisation d\u2019op\u00e9rations relatives \u00e0 la\n  prospection concernant :\n  la gestion d&rsquo;op\u00e9rations\n  techniques de prospection (ce qui inclut notamment les op\u00e9rations techniques\n  comme la normalisation, l&rsquo;enrichissement et la d\u00e9duplication) ;la s\u00e9lection de\n  personnes pour r\u00e9aliser des actions de fid\u00e9lisation, de prospection, de\n  sondage, de test produit et de promotion. Sauf consentement des\n  personnes&nbsp; concern\u00e9es recueilli dans\n  les conditions pr\u00e9vues \u00e0 l&rsquo;article 5, ces op\u00e9rations ne doivent pas conduire\n  \u00e0 l&rsquo;\u00e9tablissement de profils susceptibles de faire appara\u00eetre des donn\u00e9es\n  sensibles ;la r\u00e9alisation\n  d&rsquo;op\u00e9rations de sollicitations, y compris des sollicitations personnalis\u00e9es.l\u2019organisation de jeux\n  concours, de loteries ou de toute op\u00e9ration promotionnelle \u00e0 l&rsquo;exclusion des\n  jeux d&rsquo;argent et de hasard en ligne soumis \u00e0 l&rsquo;agr\u00e9ment de l&rsquo;Autorit\u00e9 de\n  R\u00e9gulation des Jeux en\n  \n  \n  \n  Ligne ;\n  la cession, location ou\n  \u00e9change de ses fichiers de clients et de ses\n  fichiers de prospects.\n  <\/td><\/tr><tr><td>Obligations l\u00e9gales incombant \u00e0 l&rsquo;EARL Le Ch\u00e8vrefeuille <\/td><td>\n  Gestion des demandes de\n  droit d&rsquo;acc\u00e8s, de rectification, d&rsquo;opposition, de limitation, de portabilit\u00e9,\n  d\u2019effacement ; de donner des directives apr\u00e8s la mort.Actualisation de ses\n  fichiers de prospection par l\u2019organisme en charge de la gestion de la liste d\u2019opposition\n  au d\u00e9marchage t\u00e9l\u00e9phonique, en application des dispositions du code de la\n  consommation.\n  \n  <\/td><\/tr><\/tbody><\/table><\/figure>\n\n\n\n<p>9.3 &nbsp;<em>Qui sont\nles destinataires des donn\u00e9es de l\u2019utilisateur ?<\/em><\/p>\n\n\n\n<p>Les donn\u00e9es personnelles de l\u2019utilisateur\/client sont transmises \u00e0 l&rsquo;EARL Le Ch\u00e8vrefeuille. Elles sont \u00e9galement transmises \u00e0 l\u2019organisme en charge de la gestion de la liste d\u2019opposition au d\u00e9marchage t\u00e9l\u00e9phonique quand le num\u00e9ro de t\u00e9l\u00e9phone est collect\u00e9, aux organismes, aux auxiliaires de justice et aux officiers minist\u00e9riels, dans le cadre de leur mission de recouvrement de cr\u00e9ances et de contentieux. L&rsquo;EARL Le Ch\u00e8vrefeuille peut \u00e9galement recourir \u00e0 des sous-traitants. Dans cette hypoth\u00e8se, l&rsquo;EARL Le Ch\u00e8vrefeuille prend le soin d\u2019encadrer les contrats qui la lient \u00e0 ses sous-traitants, conform\u00e9ment aux dispositions l\u00e9gales et r\u00e8glementaires.<\/p>\n\n\n\n<p>9.4 <em>Combien de temps sont conserv\u00e9es les donn\u00e9es de l\u2019utilisateur&nbsp;?<\/em><\/p>\n\n\n\n<p>Les donn\u00e9es personnelles de l\u2019utilisateur\/client sont conserv\u00e9es pendant une dur\u00e9e n\u2019exc\u00e9dant pas celle n\u00e9cessaire au regard des finalit\u00e9s pour lesquelles elles sont trait\u00e9es. Lorsqu\u2019un contrat est conclu, l&rsquo;EARL Le Ch\u00e8vrefeuille conserve les donn\u00e9es collect\u00e9es pendant toute l\u2019ex\u00e9cution du contrat et jusqu\u2019\u00e0 l\u2019acquisition de la prescription ou le temps permettant de respecter ses obligations l\u00e9gales et r\u00e9glementaires.<\/p>\n\n\n\n<p>9.5 <em>Quels sont les droits de l\u2019utilisateur et comment peut-il les exercer ?<\/em><\/p>\n\n\n\n<p>L\u2019utilisateur\/client dispose d\u2019un droit d\u2019acc\u00e8s, de rectification, d\u2019effacement des donn\u00e9es \u00e0 caract\u00e8re personnel qui le concernent, d\u2019un droit \u00e0 la limitation du traitement, d\u2019un droit d\u2019opposition, d\u2019un droit \u00e0 la portabilit\u00e9 de ses donn\u00e9es et du droit de d\u00e9finir des directives relatives \u00e0 la conservation, \u00e0 l&rsquo;effacement et \u00e0 la communication de ses donn\u00e9es \u00e0 caract\u00e8re personnel apr\u00e8s son d\u00e9c\u00e8s. L\u2019exercice d\u2019un de ces droits peut lui \u00eatre refus\u00e9 si sa demande ne remplit pas les conditions pos\u00e9es par la r\u00e9glementation. Dans cette hypoth\u00e8se, il en sera d\u00fbment inform\u00e9. Le cas \u00e9ch\u00e9ant, ces droits peuvent \u00eatre exerc\u00e9s par courrier adress\u00e9 \u00e0 EARL Le Ch\u00e8vrefeuille Mas Can\u00e9 11, La Calcine, 66400 OMS ou en \u00e9crivant \u00e0 l\u2019adresse courriel suivante : <a href=\"mailto:mas-cane@wanadoo.fr\">mas-cane@wanadoo.fr<\/a>. Un justificatif d\u2019identit\u00e9 pourra \u00eatre demand\u00e9.<\/p>\n\n\n\n<p>L\u2019utilisateur\/client est inform\u00e9\nde l\u2019existence de la liste d&rsquo;opposition au d\u00e9marchage t\u00e9l\u00e9phonique \u00ab&nbsp;Bloctel\n\u00bb, sur laquelle il peut s\u2019inscrire : https:\/\/conso.bloctel.fr\/. En cas de\nr\u00e9clamation, l\u2019utilisateur\/client dispose du droit de saisir la CNIL \u00e0\nl\u2019adresse suivante : 3 Place de Fontenoy &#8211; TSA 80715 &#8211; 75334 PARIS CEDEX, s\u2019il\nestime que le traitement de ses donn\u00e9es n\u2019est pas conforme aux dispositions\nl\u00e9gales et r\u00e8glementaires applicables.<\/p>\n\n\n\n<p>Donn\u00e9es collect\u00e9es concernant la visite sur le site :<\/p>\n\n\n\n<p id=\"matomo_opted_out_intro\" style=\"display:none;\">Opt-out complete; your visits to this website will not be recorded by the Web Analytics tool. Note that if you clear your cookies, delete the opt-out cookie, or if you change computers or Web browsers, you will need to perform the opt-out procedure again.<\/p><p id=\"matomo_opted_in_intro\" >You may choose to prevent this website from aggregating and analyzing the actions you take here. Doing so will protect your privacy, but will also prevent the owner from learning from your actions and creating a better experience for you and other users.<\/p><form>\n        <input type=\"checkbox\" id=\"matomo_optout_checkbox\" checked=\"checked\"\/>\n        <label for=\"matomo_optout_checkbox\"><strong>\n        <span id=\"matomo_opted_in_label\" >You are not opted out. Uncheck this box to opt-out.<\/span>\n\t\t<span id=\"matomo_opted_out_label\" style=\"display:none;\">You are currently opted out. Check this box to opt-in.<\/span>\n        <\/strong><\/label><\/form><noscript><p><strong style=\"color: #ff0000;\">This opt out feature requires JavaScript.<\/strong><\/p><\/noscript><p id=\"matomo_outout_err_cookies\" style=\"display: none;\"><strong>The tracking opt-out feature requires cookies to be enabled.<\/strong><\/p>\n\n\n\n<p>9.6 <em>Quelle s\u00e9curit\u00e9 est apport\u00e9e aux donn\u00e9es de l\u2019utilisateur ?<\/em><\/p>\n\n\n\n<p>L&rsquo;EARL Le Ch\u00e8vrefeuille s\u2019engage \u00e0 mettre en place toutes les mesures de s\u00e9curit\u00e9 physiques (s\u00e9curit\u00e9 des acc\u00e8s aux locaux, gestion des habilitations, s\u00e9curit\u00e9 des mat\u00e9riels, etc.) et immat\u00e9rielles (antivirus, s\u00e9curisation des mots de passe, s\u00e9curisation des flux, anonymisation, chiffrement, tra\u00e7abilit\u00e9 des donn\u00e9es, etc.) n\u00e9cessaires pour assurer la s\u00e9curit\u00e9 et la confidentialit\u00e9 des donn\u00e9es personnelles trait\u00e9es.<\/p>\n\n\n\n<ol start=\"10\" class=\"wp-block-list\">\n<li><strong>RESPONSABILIT\u00c9<\/strong><strong><\/strong><\/li>\n<\/ol>\n\n\n\n<p>Les Produits propos\u00e9s sur le Site sont conformes \u00e0 la l\u00e9gislation fran\u00e7aise en vigueur. En cas de livraison \u00e0 l\u2019\u00e9tranger selon les modalit\u00e9s de l\u2019article 6.2.a., la responsabilit\u00e9 de l&rsquo;EARL Le Ch\u00e8vrefeuille ne saurait \u00eatre engag\u00e9e en cas de non-respect de la l\u00e9gislation du pays o\u00f9 les Produits sont livr\u00e9s. Il vous appartient de v\u00e9rifier aupr\u00e8s des autorit\u00e9s locales les possibilit\u00e9s d&rsquo;importation ou d&rsquo;utilisation des Produits que vous envisagez de commander.<\/p>\n\n\n\n<p>Les photographies et les textes reproduits sur le Site et illustrant les Produits pr\u00e9sent\u00e9s ne sont pas contractuels. En cons\u00e9quence, la responsabilit\u00e9 de l&rsquo;EARL Le Ch\u00e8vrefeuille ne saurait \u00eatre engag\u00e9e en cas d&rsquo;erreur dans l&rsquo;une de ces photographies ou l&rsquo;un de ces textes.<\/p>\n\n\n\n<p>L&rsquo;EARL Le Ch\u00e8vrefeuille fera ses meilleurs efforts pour que la repr\u00e9sentation photographique des produits soit la plus fid\u00e8le possible aux produits en eux-m\u00eames. Toutefois eu \u00e9gard au mode de pr\u00e9sentation num\u00e9rique des produits sur le site internet, il est possible que la perception du client ne corresponde pas exactement au produit lui-m\u00eame, sans pour autant que le produit ne puisse \u00eatre consid\u00e9r\u00e9 comme non conforme. L&rsquo;EARL Le Ch\u00e8vrefeuille est \u00e0 l\u2019\u00e9coute de tout commentaire ou toute suggestion \u00e0 ce propos.<\/p>\n\n\n\n<p>Des liens hypertextes pr\u00e9sents sur le Site peuvent renvoyer vers d&rsquo;autres sites.\u00a0L&rsquo;EARL Le Ch\u00e8vrefeuille d\u00e9gage toute responsabilit\u00e9 dans le cas o\u00f9 le contenu de ces sites contreviendrait aux dispositions l\u00e9gales et r\u00e9glementaires en vigueur.<\/p>\n\n\n\n<ol start=\"11\" class=\"wp-block-list\">\n<li>CAS DE\nFORCE MAJEURE<\/li>\n<\/ol>\n\n\n\n<p>Les obligations de l&rsquo;EARL Le Ch\u00e8vrefeuille seront suspendues en cas de force majeure : conform\u00e9ment aux dispositions de l\u2019article 1218 du Code civil et \u00e0 la jurisprudence applicable, est consid\u00e9r\u00e9 comme un cas de force majeure tout \u00e9v\u00e9nement de quelque nature qu\u2019il soit, \u00e9chappant au contr\u00f4le de l&rsquo;EARL Le Ch\u00e8vrefeuille, affectant l\u2019approvisionnement en mati\u00e8re premi\u00e8re tel que les \u00e9pizooties et\/ou les \u00e9pid\u00e9mies ainsi que tout \u00e9v\u00e9nement affectant la production, le transport et\/ou la commercialisation des produits tel que gr\u00e8ve et interruption dans les moyens de transport pour quelque cause que ce soit, notamment m\u00e9t\u00e9orologique, gr\u00e8ve et blocus dans les industries tels que les coupures \u00e9lectriques, pannes de r\u00e9seau internet et t\u00e9l\u00e9phonique, dispositions l\u00e9gales ou r\u00e9glementaires affectant l\u2019approvisionnement en mati\u00e8re premi\u00e8re, la production et\/ou la commercialisation des produits mis en vente, incendies, inondations, troubles politiques etc&#8230;<\/p>\n\n\n\n<p>Si par suite d\u2019un cas de force majeure, l&rsquo;EARL Le Ch\u00e8vrefeuille \u00e9tait oblig\u00e9 d\u2019interrompre la livraison des produits command\u00e9s, la mise \u00e0 disposition ou la livraison des produits consid\u00e9r\u00e9s serait suspendue pendant le temps o\u00f9 l&rsquo;EARL Le Ch\u00e8vrefeuille se trouverait dans l\u2019impossibilit\u00e9 d\u2019assurer les dites livraisons, \u00e0 moins que la commande ne soit annul\u00e9e \u00e0 la demande de l&rsquo;EARL Le Ch\u00e8vrefeuille ou du client.<\/p>\n\n\n\n<p>Dans le cas o\u00f9 la commande serait ainsi annul\u00e9e, l&rsquo;EARL Le Ch\u00e8vrefeuille remboursera le client uniquement du prix de sa commande (prix d\u2019achat + frais \u00e9ventuels de transport).<\/p>\n\n\n\n<ol start=\"12\" class=\"wp-block-list\">\n<li>CONDITIONS DE PAIEMENT \/ R\u00c8GLEMENT<\/li>\n<\/ol>\n\n\n\n<p>Pour toutes commandes effectu\u00e9es sur le Site, les paiements se font en euros et exclusivement par carte bancaire (CB, Visa ou MasterCard) sur le Site. La commande est payable imm\u00e9diatement. Aucun paiement ne pourra \u00eatre fait \u00e0 la livraison, ou sur les march\u00e9s ou en boutique. Il appartient au client d\u2019enregistrer ou d\u2019imprimer son certificat de paiement et sa facture s\u2019il souhaite conserver les d\u00e9tails relatifs \u00e0 sa transaction.<\/p>\n\n\n\n<p>Le client garantit qu\u2019il est\npleinement habilit\u00e9 \u00e0 utiliser la carte de paiement pour le r\u00e8glement de sa\ncommande et que ces moyens de paiement donnent acc\u00e8s \u00e0 des fonds suffisants\npour couvrir tous les co\u00fbts. \u00c0 d\u00e9faut de provision sur le compte bancaire ou en\ncas de refus des banques, la commande sera automatiquement annul\u00e9e et le client\npr\u00e9venu par courrier \u00e9lectronique.<\/p>\n\n\n\n<p>Du fait de l\u2019utilisation du syst\u00e8me 3D Secure, en cas d\u2019utilisation frauduleuse de la carte de paiement, l&rsquo;EARL Le Ch\u00e8vrefeuille ne pourra pas voir sa responsabilit\u00e9 engag\u00e9e.<\/p>\n\n\n\n<ol start=\"13\" class=\"wp-block-list\">\n<li>PROPRI\u00c9T\u00c9\nINTELLECTUELLE <\/li>\n<\/ol>\n\n\n\n<p>Les produits vendus par l&rsquo;EARL Le Ch\u00e8vrefeuille sont couverts par des droits de propri\u00e9t\u00e9 intellectuelle, (brevets, marques, dessins et mod\u00e8les, droits d\u2019auteur&#8230;). Plus g\u00e9n\u00e9ralement, tous les \u00e9l\u00e9ments figurant sur le Site (textes, marques, logos, \u00e9l\u00e9ments graphiques ou multim\u00e9dia) sont la propri\u00e9t\u00e9 de l&rsquo;EARL Le Ch\u00e8vrefeuille, ainsi que de leurs auteurs respectifs. Le fait de pouvoir consulter et enregistrer les donn\u00e9es du Site sur un autre support ne donne en aucun cas le droit d\u2019effacer, de retirer ou de modifier les mentions de copyright figurant sur les ressources du Site, ou de modifier les ressources elles-m\u00eames du Site.<\/p>\n\n\n\n<p>La reproduction ou repr\u00e9sentation, int\u00e9grale ou partielle, des pages, des donn\u00e9es, des recettes, et de tout autre \u00e9l\u00e9ment constitutif au Site, par quelque proc\u00e9d\u00e9 ou support que ce soit, est interdite et constitue, sans autorisation de l&rsquo;EARL Le Ch\u00e8vrefeuille, une contrefa\u00e7on. Aucun usage ne peut \u00eatre fait sur quelque support que ce soit et sous quelque forme que ce soit. Toute contrefa\u00e7on, illustration et\/ou usage illicite seront sanctionn\u00e9s. Il est strictement interdit de reproduire ou d\u2019utiliser lesdits \u00e9l\u00e9ments de la marque \u00ab\u00a0Le Canard bien \u00e9lev\u00e9 du Mas Can\u00e9\u00a0\u00ae\u00bb ou son logo \u00e0 quelque titre que ce soit et notamment \u00e0 des fins publicitaires ou commerciales sans l\u2019accord pr\u00e9alable de l&rsquo;EARL Le Ch\u00e8vrefeuille, sous peine de poursuites p\u00e9nales et civiles. L&rsquo;EARL Le Ch\u00e8vrefeuille se d\u00e9sengage de toute utilisation licite ou illicite des donn\u00e9es figurant sur le Site.<\/p>\n\n\n\n<ol start=\"14\" class=\"wp-block-list\">\n<li>R\u00c8GLEMENT DES LITIGES <\/li>\n<\/ol>\n\n\n\n<p>Les pr\u00e9sentes conditions\ng\u00e9n\u00e9rales de vente sont r\u00e9gies par la loi fran\u00e7aise.<\/p>\n\n\n\n<p>Pour le r\u00e8glement d\u2019\u00e9ventuels litiges, l&rsquo;EARL Le Ch\u00e8vrefeuille est \u00e0 la disposition du client afin de r\u00e9soudre au mieux le diff\u00e9rend et dans la mesure du possible \u00e0 l\u2019amiable. Si aucun accord amiable n\u2019a pu \u00eatre conclu entre L&rsquo;EARL Le Ch\u00e8vrefeuille et le client, ce dernier a la possibilit\u00e9 de saisir un m\u00e9diateur \u00e0 la consommation. L&rsquo;EARL le Ch\u00e8vrefeuille est adh\u00e9rent au service de M\u00e9diation \u00ab\u00a0M\u00e9diavet\u00a0\u00bb pour toute sa commercialisation.Dans le cas o\u00f9 le client n\u2019obtiendrait pas de r\u00e9ponse satisfaisante \u00e0 sa demande, il est invit\u00e9 \u00e0 saisir le M\u00e9diateur de la Consommation comp\u00e9tent pour tout litige portant sur la passation et l\u2019ex\u00e9cution d\u2019un contrat de vente couvert par les Conditions G\u00e9n\u00e9rales de Vente du Site, soit par courrier postal \u00e0 l\u2019adresse qui vous sera communiqu\u00e9e \u2013 sans d\u00e9lai et sur simple demande- par l&rsquo;EARL Le Ch\u00e8vrefeuille, soit via le site internet dudit M\u00e9diateur sur lequel se trouvent la Charte de la M\u00e9diation concern\u00e9e et les pi\u00e8ces justificatives \u00e0 fournir. Le client peut \u00e9galement trouver toute information utile sur la M\u00e9diation de la consommation sur le site internet de la M\u00e9diation de la consommation \u00e0 l\u2019adresse suivante : <a href=\"http:\/\/www.mediation-conso.fr\">www.mediation-conso.fr<\/a>.<\/p>\n\n\n\n<p>Enfin, que ce soit par le biais d\u2019un m\u00e9diateur ou non, si le client et l&rsquo;EARL Le Ch\u00e8vrefeuille n\u2019ont toujours pas trouv\u00e9 d\u2019accord, le diff\u00e9rend sera port\u00e9 \u00e0 la connaissance des tribunaux fran\u00e7ais comp\u00e9tents : celui du lieu du domicile du d\u00e9fendeur ou, au choix du demandeur, du lieu de livraison effective du produit.<\/p>\n\n\n\n<ol start=\"15\" class=\"wp-block-list\">\n<li>DIVERS<\/li>\n<\/ol>\n\n\n\n<p>Au cas o\u00f9 l\u2019une des clauses des\npr\u00e9sentes Conditions G\u00e9n\u00e9rales de Vente serait d\u00e9clar\u00e9e nulle ou inopposable en\njustice, la validit\u00e9 des autres dispositions n\u2019en serait pas affect\u00e9e.<\/p>\n","protected":false},"excerpt":{"rendered":"<p>CONDITIONS G\u00c9N\u00c9RALES DE VENTE EN LIGNE \u00ab Le Canard bien \u00e9lev\u00e9 du Mas Can\u00e9\u00ae \u00bb 25\/10\/2023 Les pr\u00e9sentes Conditions G\u00e9n\u00e9rales de Vente (ci-apr\u00e8s \u00ab\u00a0CGV\u00a0\u00bb) ont pour objet de fixer les dispositions contractuelles entre, d\u2019une part, la soci\u00e9t\u00e9 d\u00e9nomm\u00e9e ci-apr\u00e8s \u00ab\u00a0L&rsquo;EARL Le Ch\u00e8vrefeuille\u00a0\u00bb et d\u2019autre part, toute personne physique et majeure, d\u00e9nomm\u00e9e ci-apr\u00e8s \u00ab\u00a0Vous\u00a0\u00bb ou le [&hellip;]<\/p>\n","protected":false},"author":1,"featured_media":0,"parent":0,"menu_order":0,"comment_status":"closed","ping_status":"closed","template":"","meta":{"footnotes":""},"class_list":["post-1827","page","type-page","status-publish","hentry"],"jetpack_sharing_enabled":true,"_links":{"self":[{"href":"https:\/\/lecanardbienelevedumascane.com\/index.php\/wp-json\/wp\/v2\/pages\/1827","targetHints":{"allow":["GET"]}}],"collection":[{"href":"https:\/\/lecanardbienelevedumascane.com\/index.php\/wp-json\/wp\/v2\/pages"}],"about":[{"href":"https:\/\/lecanardbienelevedumascane.com\/index.php\/wp-json\/wp\/v2\/types\/page"}],"author":[{"embeddable":true,"href":"https:\/\/lecanardbienelevedumascane.com\/index.php\/wp-json\/wp\/v2\/users\/1"}],"replies":[{"embeddable":true,"href":"https:\/\/lecanardbienelevedumascane.com\/index.php\/wp-json\/wp\/v2\/comments?post=1827"}],"version-history":[{"count":12,"href":"https:\/\/lecanardbienelevedumascane.com\/index.php\/wp-json\/wp\/v2\/pages\/1827\/revisions"}],"predecessor-version":[{"id":6886,"href":"https:\/\/lecanardbienelevedumascane.com\/index.php\/wp-json\/wp\/v2\/pages\/1827\/revisions\/6886"}],"wp:attachment":[{"href":"https:\/\/lecanardbienelevedumascane.com\/index.php\/wp-json\/wp\/v2\/media?parent=1827"}],"curies":[{"name":"wp","href":"https:\/\/api.w.org\/{rel}","templated":true}]}}