{"id":559,"date":"2019-09-15T15:47:56","date_gmt":"2019-09-15T13:47:56","guid":{"rendered":"https:\/\/lecanardbienelevedumascane.com\/?page_id=559"},"modified":"2024-11-15T13:15:17","modified_gmt":"2024-11-15T12:15:17","slug":"notre-histoire","status":"publish","type":"page","link":"https:\/\/lecanardbienelevedumascane.com\/index.php\/notre-histoire\/","title":{"rendered":"Notre histoire"},"content":{"rendered":"<div class=\"wp-block-image\">\n<figure class=\"aligncenter size-large\"><img loading=\"lazy\" decoding=\"async\" width=\"724\" height=\"1024\" src=\"https:\/\/lecanardbienelevedumascane.com\/wp-content\/uploads\/2022\/03\/IMG-724x1024.jpg\" alt=\"Terres Catalanes foie gras de canard\" class=\"wp-image-6181\" srcset=\"https:\/\/lecanardbienelevedumascane.com\/wp-content\/uploads\/2022\/03\/IMG-724x1024.jpg 724w, https:\/\/lecanardbienelevedumascane.com\/wp-content\/uploads\/2022\/03\/IMG-212x300.jpg 212w, https:\/\/lecanardbienelevedumascane.com\/wp-content\/uploads\/2022\/03\/IMG-768x1086.jpg 768w, https:\/\/lecanardbienelevedumascane.com\/wp-content\/uploads\/2022\/03\/IMG-1086x1536.jpg 1086w, https:\/\/lecanardbienelevedumascane.com\/wp-content\/uploads\/2022\/03\/IMG-1448x2048.jpg 1448w, https:\/\/lecanardbienelevedumascane.com\/wp-content\/uploads\/2022\/03\/IMG-416x588.jpg 416w, https:\/\/lecanardbienelevedumascane.com\/wp-content\/uploads\/2022\/03\/IMG-scaled.jpg 1810w\" sizes=\"auto, (max-width: 724px) 100vw, 724px\" \/><figcaption><em>Le Mas Can\u00e9 dans Terres Catalanes D\u00e9cembre 2021<\/em><\/figcaption><\/figure>\n<\/div>\n\n<div class=\"wp-block-image\">\n<figure class=\"aligncenter size-large\"><img loading=\"lazy\" decoding=\"async\" width=\"724\" height=\"1024\" src=\"https:\/\/lecanardbienelevedumascane.com\/wp-content\/uploads\/2022\/03\/IMG2-724x1024.jpg\" alt=\"\u00e9levage de dinde plein aire\" class=\"wp-image-6183\" srcset=\"https:\/\/lecanardbienelevedumascane.com\/wp-content\/uploads\/2022\/03\/IMG2-724x1024.jpg 724w, https:\/\/lecanardbienelevedumascane.com\/wp-content\/uploads\/2022\/03\/IMG2-212x300.jpg 212w, https:\/\/lecanardbienelevedumascane.com\/wp-content\/uploads\/2022\/03\/IMG2-768x1086.jpg 768w, https:\/\/lecanardbienelevedumascane.com\/wp-content\/uploads\/2022\/03\/IMG2-1086x1536.jpg 1086w, https:\/\/lecanardbienelevedumascane.com\/wp-content\/uploads\/2022\/03\/IMG2-1448x2048.jpg 1448w, https:\/\/lecanardbienelevedumascane.com\/wp-content\/uploads\/2022\/03\/IMG2-416x588.jpg 416w, https:\/\/lecanardbienelevedumascane.com\/wp-content\/uploads\/2022\/03\/IMG2-scaled.jpg 1810w\" sizes=\"auto, (max-width: 724px) 100vw, 724px\" \/><figcaption><em>Le Mas Can\u00e9 dans Terres Catalanes D\u00e9cembre 2021<\/em><\/figcaption><\/figure>\n<\/div>\n\n<div class=\"wp-block-image\">\n<figure class=\"aligncenter size-large\"><img loading=\"lazy\" decoding=\"async\" width=\"724\" height=\"1024\" src=\"https:\/\/lecanardbienelevedumascane.com\/wp-content\/uploads\/2022\/03\/IMG3-724x1024.jpg\" alt=\"dindes fermi\u00e8re et plats cuisin\u00e9s\nTerres Catalanes\" class=\"wp-image-6184\" srcset=\"https:\/\/lecanardbienelevedumascane.com\/wp-content\/uploads\/2022\/03\/IMG3-724x1024.jpg 724w, https:\/\/lecanardbienelevedumascane.com\/wp-content\/uploads\/2022\/03\/IMG3-212x300.jpg 212w, https:\/\/lecanardbienelevedumascane.com\/wp-content\/uploads\/2022\/03\/IMG3-768x1086.jpg 768w, https:\/\/lecanardbienelevedumascane.com\/wp-content\/uploads\/2022\/03\/IMG3-1086x1536.jpg 1086w, https:\/\/lecanardbienelevedumascane.com\/wp-content\/uploads\/2022\/03\/IMG3-1448x2048.jpg 1448w, https:\/\/lecanardbienelevedumascane.com\/wp-content\/uploads\/2022\/03\/IMG3-416x588.jpg 416w, https:\/\/lecanardbienelevedumascane.com\/wp-content\/uploads\/2022\/03\/IMG3-scaled.jpg 1810w\" sizes=\"auto, (max-width: 724px) 100vw, 724px\" \/><figcaption><em>Le Mas Can\u00e9 dans Terres Catalanes D\u00e9cembre 2021<\/em><\/figcaption><\/figure>\n<\/div>\n\n<div class=\"wp-block-image\">\n<figure class=\"aligncenter size-large\"><img loading=\"lazy\" decoding=\"async\" width=\"724\" height=\"1024\" src=\"https:\/\/lecanardbienelevedumascane.com\/wp-content\/uploads\/2022\/03\/IMG4-724x1024.jpg\" alt=\"\u00e9levage plein aire de canards, poulets et dindes , producteur de volailles\" class=\"wp-image-6185\" srcset=\"https:\/\/lecanardbienelevedumascane.com\/wp-content\/uploads\/2022\/03\/IMG4-724x1024.jpg 724w, https:\/\/lecanardbienelevedumascane.com\/wp-content\/uploads\/2022\/03\/IMG4-212x300.jpg 212w, https:\/\/lecanardbienelevedumascane.com\/wp-content\/uploads\/2022\/03\/IMG4-768x1086.jpg 768w, https:\/\/lecanardbienelevedumascane.com\/wp-content\/uploads\/2022\/03\/IMG4-1086x1536.jpg 1086w, https:\/\/lecanardbienelevedumascane.com\/wp-content\/uploads\/2022\/03\/IMG4-1448x2048.jpg 1448w, https:\/\/lecanardbienelevedumascane.com\/wp-content\/uploads\/2022\/03\/IMG4-416x588.jpg 416w, https:\/\/lecanardbienelevedumascane.com\/wp-content\/uploads\/2022\/03\/IMG4-scaled.jpg 1810w\" sizes=\"auto, (max-width: 724px) 100vw, 724px\" \/><figcaption><em>Le Mas Can\u00e9 dans Terres Catalanes D\u00e9cembre 2021<\/em><\/figcaption><\/figure>\n<\/div>\n\n<div class=\"wp-block-image\">\n<figure class=\"aligncenter size-large\"><img loading=\"lazy\" decoding=\"async\" width=\"718\" height=\"1024\" src=\"https:\/\/lecanardbienelevedumascane.com\/wp-content\/uploads\/2021\/10\/Mas-Cane\u0301-Pyre\u0301ne\u0301es-magazine-3-718x1024.jpeg\" alt=\"le canard bien elev\u00e9 du mas cane\" class=\"wp-image-5965\" srcset=\"https:\/\/lecanardbienelevedumascane.com\/wp-content\/uploads\/2021\/10\/Mas-Cane\u0301-Pyre\u0301ne\u0301es-magazine-3-718x1024.jpeg 718w, https:\/\/lecanardbienelevedumascane.com\/wp-content\/uploads\/2021\/10\/Mas-Cane\u0301-Pyre\u0301ne\u0301es-magazine-3-210x300.jpeg 210w, https:\/\/lecanardbienelevedumascane.com\/wp-content\/uploads\/2021\/10\/Mas-Cane\u0301-Pyre\u0301ne\u0301es-magazine-3-768x1095.jpeg 768w, https:\/\/lecanardbienelevedumascane.com\/wp-content\/uploads\/2021\/10\/Mas-Cane\u0301-Pyre\u0301ne\u0301es-magazine-3-1077x1536.jpeg 1077w, https:\/\/lecanardbienelevedumascane.com\/wp-content\/uploads\/2021\/10\/Mas-Cane\u0301-Pyre\u0301ne\u0301es-magazine-3-1436x2048.jpeg 1436w, https:\/\/lecanardbienelevedumascane.com\/wp-content\/uploads\/2021\/10\/Mas-Cane\u0301-Pyre\u0301ne\u0301es-magazine-3-416x593.jpeg 416w, https:\/\/lecanardbienelevedumascane.com\/wp-content\/uploads\/2021\/10\/Mas-Cane\u0301-Pyre\u0301ne\u0301es-magazine-3-scaled.jpeg 1795w\" sizes=\"auto, (max-width: 718px) 100vw, 718px\" \/><figcaption><meta charset=\"utf-8\"><em>Le Mas Can\u00e9 dans Pyr\u00e9n\u00e9es Magazine novembre-d\u00e9cembre 2021<\/em><\/figcaption><\/figure>\n<\/div>\n\n<div class=\"wp-block-image\">\n<figure class=\"aligncenter size-large\"><img loading=\"lazy\" decoding=\"async\" width=\"718\" height=\"1024\" src=\"https:\/\/lecanardbienelevedumascane.com\/wp-content\/uploads\/2021\/10\/Mas-Cane\u0301-Pyre\u0301ne\u0301es-magazine-718x1024.jpeg\" alt=\"Pyr\u00e9n\u00e9es magazine productrice de foie gras\" class=\"wp-image-5964\" srcset=\"https:\/\/lecanardbienelevedumascane.com\/wp-content\/uploads\/2021\/10\/Mas-Cane\u0301-Pyre\u0301ne\u0301es-magazine-718x1024.jpeg 718w, https:\/\/lecanardbienelevedumascane.com\/wp-content\/uploads\/2021\/10\/Mas-Cane\u0301-Pyre\u0301ne\u0301es-magazine-210x300.jpeg 210w, https:\/\/lecanardbienelevedumascane.com\/wp-content\/uploads\/2021\/10\/Mas-Cane\u0301-Pyre\u0301ne\u0301es-magazine-768x1095.jpeg 768w, https:\/\/lecanardbienelevedumascane.com\/wp-content\/uploads\/2021\/10\/Mas-Cane\u0301-Pyre\u0301ne\u0301es-magazine-1077x1536.jpeg 1077w, https:\/\/lecanardbienelevedumascane.com\/wp-content\/uploads\/2021\/10\/Mas-Cane\u0301-Pyre\u0301ne\u0301es-magazine-1436x2048.jpeg 1436w, https:\/\/lecanardbienelevedumascane.com\/wp-content\/uploads\/2021\/10\/Mas-Cane\u0301-Pyre\u0301ne\u0301es-magazine-416x593.jpeg 416w, https:\/\/lecanardbienelevedumascane.com\/wp-content\/uploads\/2021\/10\/Mas-Cane\u0301-Pyre\u0301ne\u0301es-magazine-scaled.jpeg 1795w\" sizes=\"auto, (max-width: 718px) 100vw, 718px\" \/><figcaption><meta charset=\"utf-8\"><em>Le Mas Can\u00e9 dans Pyr\u00e9n\u00e9es Magazine novembre-d\u00e9cembre 2021<\/em><\/figcaption><\/figure>\n<\/div>\n\n<div class=\"wp-block-image\">\n<figure class=\"aligncenter size-large\"><img loading=\"lazy\" decoding=\"async\" width=\"718\" height=\"1024\" src=\"https:\/\/lecanardbienelevedumascane.com\/wp-content\/uploads\/2021\/10\/Mas-Cane\u0301-Pyre\u0301ne\u0301es-magazine-2-718x1024.jpeg\" alt=\"gavage de canard pour foie gras\" class=\"wp-image-5966\" srcset=\"https:\/\/lecanardbienelevedumascane.com\/wp-content\/uploads\/2021\/10\/Mas-Cane\u0301-Pyre\u0301ne\u0301es-magazine-2-718x1024.jpeg 718w, https:\/\/lecanardbienelevedumascane.com\/wp-content\/uploads\/2021\/10\/Mas-Cane\u0301-Pyre\u0301ne\u0301es-magazine-2-210x300.jpeg 210w, https:\/\/lecanardbienelevedumascane.com\/wp-content\/uploads\/2021\/10\/Mas-Cane\u0301-Pyre\u0301ne\u0301es-magazine-2-768x1095.jpeg 768w, https:\/\/lecanardbienelevedumascane.com\/wp-content\/uploads\/2021\/10\/Mas-Cane\u0301-Pyre\u0301ne\u0301es-magazine-2-1077x1536.jpeg 1077w, https:\/\/lecanardbienelevedumascane.com\/wp-content\/uploads\/2021\/10\/Mas-Cane\u0301-Pyre\u0301ne\u0301es-magazine-2-1436x2048.jpeg 1436w, https:\/\/lecanardbienelevedumascane.com\/wp-content\/uploads\/2021\/10\/Mas-Cane\u0301-Pyre\u0301ne\u0301es-magazine-2-416x593.jpeg 416w, https:\/\/lecanardbienelevedumascane.com\/wp-content\/uploads\/2021\/10\/Mas-Cane\u0301-Pyre\u0301ne\u0301es-magazine-2-scaled.jpeg 1795w\" sizes=\"auto, (max-width: 718px) 100vw, 718px\" \/><figcaption><em>Le Mas Can\u00e9 dans Pyr\u00e9n\u00e9es Magazine novembre-d\u00e9cembre 2021<\/em><\/figcaption><\/figure>\n<\/div>\n\n<div class=\"wp-block-image is-style-default\">\n<figure class=\"aligncenter\"><img loading=\"lazy\" decoding=\"async\" width=\"2222\" height=\"2740\" src=\"https:\/\/lecanardbienelevedumascane.com\/wp-content\/uploads\/2019\/09\/lindep-26-juin-2001.jpg\" alt=\"march\u00e9 \u00e0 la ferme foie gras en \u00e9t\u00e9\" class=\"wp-image-795\" srcset=\"https:\/\/lecanardbienelevedumascane.com\/wp-content\/uploads\/2019\/09\/lindep-26-juin-2001.jpg 2222w, https:\/\/lecanardbienelevedumascane.com\/wp-content\/uploads\/2019\/09\/lindep-26-juin-2001-243x300.jpg 243w, https:\/\/lecanardbienelevedumascane.com\/wp-content\/uploads\/2019\/09\/lindep-26-juin-2001-768x947.jpg 768w, https:\/\/lecanardbienelevedumascane.com\/wp-content\/uploads\/2019\/09\/lindep-26-juin-2001-830x1024.jpg 830w, https:\/\/lecanardbienelevedumascane.com\/wp-content\/uploads\/2019\/09\/lindep-26-juin-2001-416x513.jpg 416w\" sizes=\"auto, (max-width: 2222px) 100vw, 2222px\" \/><\/figure>\n<\/div>\n\n<div class=\"wp-block-image\">\n<figure class=\"aligncenter\"><img loading=\"lazy\" decoding=\"async\" width=\"2670\" height=\"2722\" src=\"https:\/\/lecanardbienelevedumascane.com\/wp-content\/uploads\/2019\/09\/lindep-27-de\u0301cembre-2002.jpg\" alt=\"le foie gras dans les Pyr\u00e9n\u00e9es orientales\" class=\"wp-image-794\" srcset=\"https:\/\/lecanardbienelevedumascane.com\/wp-content\/uploads\/2019\/09\/lindep-27-de\u0301cembre-2002.jpg 2670w, https:\/\/lecanardbienelevedumascane.com\/wp-content\/uploads\/2019\/09\/lindep-27-de\u0301cembre-2002-294x300.jpg 294w, https:\/\/lecanardbienelevedumascane.com\/wp-content\/uploads\/2019\/09\/lindep-27-de\u0301cembre-2002-768x783.jpg 768w, https:\/\/lecanardbienelevedumascane.com\/wp-content\/uploads\/2019\/09\/lindep-27-de\u0301cembre-2002-1004x1024.jpg 1004w, https:\/\/lecanardbienelevedumascane.com\/wp-content\/uploads\/2019\/09\/lindep-27-de\u0301cembre-2002-416x424.jpg 416w\" sizes=\"auto, (max-width: 2670px) 100vw, 2670px\" \/><\/figure>\n<\/div>\n\n<div class=\"wp-block-image\">\n<figure class=\"aligncenter\"><img loading=\"lazy\" decoding=\"async\" width=\"1919\" height=\"2810\" src=\"https:\/\/lecanardbienelevedumascane.com\/wp-content\/uploads\/2019\/09\/nouvel-obs-aou\u0302t-2003.jpg\" alt=\"poulets, dindes et canards \" class=\"wp-image-790\" srcset=\"https:\/\/lecanardbienelevedumascane.com\/wp-content\/uploads\/2019\/09\/nouvel-obs-aou\u0302t-2003.jpg 1919w, https:\/\/lecanardbienelevedumascane.com\/wp-content\/uploads\/2019\/09\/nouvel-obs-aou\u0302t-2003-205x300.jpg 205w, https:\/\/lecanardbienelevedumascane.com\/wp-content\/uploads\/2019\/09\/nouvel-obs-aou\u0302t-2003-768x1125.jpg 768w, https:\/\/lecanardbienelevedumascane.com\/wp-content\/uploads\/2019\/09\/nouvel-obs-aou\u0302t-2003-699x1024.jpg 699w, https:\/\/lecanardbienelevedumascane.com\/wp-content\/uploads\/2019\/09\/nouvel-obs-aou\u0302t-2003-416x609.jpg 416w\" sizes=\"auto, (max-width: 1919px) 100vw, 1919px\" \/><\/figure>\n<\/div>\n\n<div class=\"wp-block-image\">\n<figure class=\"aligncenter\"><img loading=\"lazy\" decoding=\"async\" width=\"2029\" height=\"4572\" src=\"https:\/\/lecanardbienelevedumascane.com\/wp-content\/uploads\/2019\/09\/lindep-novembre-2003.jpg\" alt=\"productrice de foie gras a oms P.O\" class=\"wp-image-788\" srcset=\"https:\/\/lecanardbienelevedumascane.com\/wp-content\/uploads\/2019\/09\/lindep-novembre-2003.jpg 2029w, https:\/\/lecanardbienelevedumascane.com\/wp-content\/uploads\/2019\/09\/lindep-novembre-2003-133x300.jpg 133w, https:\/\/lecanardbienelevedumascane.com\/wp-content\/uploads\/2019\/09\/lindep-novembre-2003-768x1731.jpg 768w, https:\/\/lecanardbienelevedumascane.com\/wp-content\/uploads\/2019\/09\/lindep-novembre-2003-454x1024.jpg 454w, https:\/\/lecanardbienelevedumascane.com\/wp-content\/uploads\/2019\/09\/lindep-novembre-2003-416x937.jpg 416w\" sizes=\"auto, (max-width: 2029px) 100vw, 2029px\" \/><\/figure>\n<\/div>\n\n<div class=\"wp-block-image\">\n<figure class=\"aligncenter\"><img loading=\"lazy\" decoding=\"async\" width=\"3744\" height=\"2695\" src=\"https:\/\/lecanardbienelevedumascane.com\/wp-content\/uploads\/2019\/09\/photo-stand-mas-cane\u0301.jpg\" alt=\"foire de producteur de foie gras au mas cane\" class=\"wp-image-791\" srcset=\"https:\/\/lecanardbienelevedumascane.com\/wp-content\/uploads\/2019\/09\/photo-stand-mas-cane\u0301.jpg 3744w, https:\/\/lecanardbienelevedumascane.com\/wp-content\/uploads\/2019\/09\/photo-stand-mas-cane\u0301-300x216.jpg 300w, https:\/\/lecanardbienelevedumascane.com\/wp-content\/uploads\/2019\/09\/photo-stand-mas-cane\u0301-768x553.jpg 768w, https:\/\/lecanardbienelevedumascane.com\/wp-content\/uploads\/2019\/09\/photo-stand-mas-cane\u0301-1024x737.jpg 1024w, https:\/\/lecanardbienelevedumascane.com\/wp-content\/uploads\/2019\/09\/photo-stand-mas-cane\u0301-416x299.jpg 416w\" sizes=\"auto, (max-width: 3744px) 100vw, 3744px\" \/><\/figure>\n<\/div>\n\n<div class=\"wp-block-image\">\n<figure class=\"aligncenter\"><img loading=\"lazy\" decoding=\"async\" width=\"3608\" height=\"2676\" src=\"https:\/\/lecanardbienelevedumascane.com\/wp-content\/uploads\/2019\/09\/La-semaine-de\u0301cembre-2004.jpg\" alt=\"mise en scene du gras\" class=\"wp-image-793\" srcset=\"https:\/\/lecanardbienelevedumascane.com\/wp-content\/uploads\/2019\/09\/La-semaine-de\u0301cembre-2004.jpg 3608w, https:\/\/lecanardbienelevedumascane.com\/wp-content\/uploads\/2019\/09\/La-semaine-de\u0301cembre-2004-300x223.jpg 300w, https:\/\/lecanardbienelevedumascane.com\/wp-content\/uploads\/2019\/09\/La-semaine-de\u0301cembre-2004-768x570.jpg 768w, https:\/\/lecanardbienelevedumascane.com\/wp-content\/uploads\/2019\/09\/La-semaine-de\u0301cembre-2004-1024x759.jpg 1024w, https:\/\/lecanardbienelevedumascane.com\/wp-content\/uploads\/2019\/09\/La-semaine-de\u0301cembre-2004-416x309.jpg 416w\" sizes=\"auto, (max-width: 3608px) 100vw, 3608px\" \/><\/figure>\n<\/div>\n\n<div class=\"wp-block-image\">\n<figure class=\"aligncenter\"><img loading=\"lazy\" decoding=\"async\" width=\"2698\" height=\"3002\" src=\"https:\/\/lecanardbienelevedumascane.com\/wp-content\/uploads\/2019\/09\/lindep-7-mars-2005.jpg\" alt=\"les canards du terroir\" class=\"wp-image-792\" srcset=\"https:\/\/lecanardbienelevedumascane.com\/wp-content\/uploads\/2019\/09\/lindep-7-mars-2005.jpg 2698w, https:\/\/lecanardbienelevedumascane.com\/wp-content\/uploads\/2019\/09\/lindep-7-mars-2005-270x300.jpg 270w, https:\/\/lecanardbienelevedumascane.com\/wp-content\/uploads\/2019\/09\/lindep-7-mars-2005-768x855.jpg 768w, https:\/\/lecanardbienelevedumascane.com\/wp-content\/uploads\/2019\/09\/lindep-7-mars-2005-920x1024.jpg 920w, https:\/\/lecanardbienelevedumascane.com\/wp-content\/uploads\/2019\/09\/lindep-7-mars-2005-416x463.jpg 416w\" sizes=\"auto, (max-width: 2698px) 100vw, 2698px\" \/><\/figure>\n<\/div>\n\n<div class=\"wp-block-image\">\n<figure class=\"aligncenter\"><img loading=\"lazy\" decoding=\"async\" width=\"2909\" height=\"2707\" src=\"https:\/\/lecanardbienelevedumascane.com\/wp-content\/uploads\/2019\/09\/le\u0301cho-juillet-2014.jpg\" alt=\"repas \u00e0 la ferme producteur de foie gras a oms dans le 66\" class=\"wp-image-789\" srcset=\"https:\/\/lecanardbienelevedumascane.com\/wp-content\/uploads\/2019\/09\/le\u0301cho-juillet-2014.jpg 2909w, https:\/\/lecanardbienelevedumascane.com\/wp-content\/uploads\/2019\/09\/le\u0301cho-juillet-2014-300x279.jpg 300w, https:\/\/lecanardbienelevedumascane.com\/wp-content\/uploads\/2019\/09\/le\u0301cho-juillet-2014-768x715.jpg 768w, https:\/\/lecanardbienelevedumascane.com\/wp-content\/uploads\/2019\/09\/le\u0301cho-juillet-2014-1024x953.jpg 1024w, https:\/\/lecanardbienelevedumascane.com\/wp-content\/uploads\/2019\/09\/le\u0301cho-juillet-2014-416x387.jpg 416w\" sizes=\"auto, (max-width: 2909px) 100vw, 2909px\" \/><\/figure>\n<\/div>","protected":false},"excerpt":{"rendered":"","protected":false},"author":1,"featured_media":0,"parent":0,"menu_order":0,"comment_status":"closed","ping_status":"closed","template":"","meta":{"footnotes":""},"class_list":["post-559","page","type-page","status-publish","hentry"],"jetpack_sharing_enabled":true,"_links":{"self":[{"href":"https:\/\/lecanardbienelevedumascane.com\/index.php\/wp-json\/wp\/v2\/pages\/559","targetHints":{"allow":["GET"]}}],"collection":[{"href":"https:\/\/lecanardbienelevedumascane.com\/index.php\/wp-json\/wp\/v2\/pages"}],"about":[{"href":"https:\/\/lecanardbienelevedumascane.com\/index.php\/wp-json\/wp\/v2\/types\/page"}],"author":[{"embeddable":true,"href":"https:\/\/lecanardbienelevedumascane.com\/index.php\/wp-json\/wp\/v2\/users\/1"}],"replies":[{"embeddable":true,"href":"https:\/\/lecanardbienelevedumascane.com\/index.php\/wp-json\/wp\/v2\/comments?post=559"}],"version-history":[{"count":21,"href":"https:\/\/lecanardbienelevedumascane.com\/index.php\/wp-json\/wp\/v2\/pages\/559\/revisions"}],"predecessor-version":[{"id":6350,"href":"https:\/\/lecanardbienelevedumascane.com\/index.php\/wp-json\/wp\/v2\/pages\/559\/revisions\/6350"}],"wp:attachment":[{"href":"https:\/\/lecanardbienelevedumascane.com\/index.php\/wp-json\/wp\/v2\/media?parent=559"}],"curies":[{"name":"wp","href":"https:\/\/api.w.org\/{rel}","templated":true}]}}